{"id":1631,"date":"2020-04-06T15:22:22","date_gmt":"2020-04-06T13:22:22","guid":{"rendered":"http:\/\/paroisse-jean-23.fr\/wp\/?page_id=1631"},"modified":"2021-12-14T22:27:51","modified_gmt":"2021-12-14T21:27:51","slug":"lettres-aux-paroissiens","status":"publish","type":"page","link":"https:\/\/paroisse-jean-23.fr\/wp\/le-blog\/lettres-aux-paroissiens\/","title":{"rendered":"Lettres aux Paroissiens"},"content":{"rendered":"<div id=\"pl-1631\"  class=\"panel-layout\" ><div id=\"pg-1631-0\"  class=\"panel-grid panel-no-style\" ><div id=\"pgc-1631-0-0\"  class=\"panel-grid-cell\" ><div id=\"panel-1631-0-0-0\" class=\"so-panel widget widget_siteorigin-panels-postloop panel-first-child panel-last-child\" data-index=\"0\" ><h3 class=\"widget-title\">Lettres aux Paroissiens<\/h3>\n<article id=\"post-4993\" class=\"entry author-jean post-4993 post type-post status-publish format-standard has-post-thumbnail category-lettres-aux-paroissiens tag-lettre-aux-paroissiens archive-mixed archive-mixed-block3 mixedunit-big\" itemscope=\"itemscope\" itemtype=\"https:\/\/schema.org\/BlogPosting\">\n\n\t<div class=\"entry-grid hgrid\">\n\n\t\t\n\t\t<div class=\"entry-grid-content hgrid-span-12\">\n\n\t\t\t<header class=\"entry-header\">\n\t\t\t\t<h2 class=\"entry-title\" itemprop=\"headline\"><a href=\"https:\/\/paroisse-jean-23.fr\/wp\/message-du-pere-humberto-pour-la-rentree\/\" rel=\"bookmark\" itemprop=\"url\">Message du P\u00e8re HUMBERTO pour la rentr\u00e9e<\/a><\/h2>\t\t\t<\/header><!-- .entry-header -->\n\n\t\t\t<div class=\"screen-reader-text\" itemprop=\"datePublished\" itemtype=\"https:\/\/schema.org\/Date\">2023-08-29<\/div>\n\t\t\t<div class=\"entry-byline empty\"><\/div>\n\t\t\t<div itemprop=\"image\" itemscope itemtype=\"https:\/\/schema.org\/ImageObject\" class=\"entry-featured-img-wrap\"><meta itemprop=\"url\" content=\"https:\/\/paroisse-jean-23.fr\/wp\/wp-content\/uploads\/2020\/12\/writing-1209121_1920-1536x1153.jpg\"><meta itemprop=\"width\" content=\"1536\"><meta itemprop=\"height\" content=\"1153\"><a href=\"https:\/\/paroisse-jean-23.fr\/wp\/message-du-pere-humberto-pour-la-rentree\/\" class=\"entry-featured-img-link\"><img fetchpriority=\"high\" decoding=\"async\" width=\"1536\" height=\"1153\" src=\"https:\/\/paroisse-jean-23.fr\/wp\/wp-content\/uploads\/2020\/12\/writing-1209121_1920-1536x1153.jpg\" class=\"attachment-1536x1536 entry-content-featured-img entry-grid-featured-img wp-post-image\" alt=\"\" itemscope=\"\" srcset=\"https:\/\/paroisse-jean-23.fr\/wp\/wp-content\/uploads\/2020\/12\/writing-1209121_1920-1536x1153.jpg 1536w, https:\/\/paroisse-jean-23.fr\/wp\/wp-content\/uploads\/2020\/12\/writing-1209121_1920-300x225.jpg 300w, https:\/\/paroisse-jean-23.fr\/wp\/wp-content\/uploads\/2020\/12\/writing-1209121_1920-1024x769.jpg 1024w, https:\/\/paroisse-jean-23.fr\/wp\/wp-content\/uploads\/2020\/12\/writing-1209121_1920-768x576.jpg 768w, https:\/\/paroisse-jean-23.fr\/wp\/wp-content\/uploads\/2020\/12\/writing-1209121_1920-465x349.jpg 465w, https:\/\/paroisse-jean-23.fr\/wp\/wp-content\/uploads\/2020\/12\/writing-1209121_1920-666x500.jpg 666w, https:\/\/paroisse-jean-23.fr\/wp\/wp-content\/uploads\/2020\/12\/writing-1209121_1920-1320x991.jpg 1320w, https:\/\/paroisse-jean-23.fr\/wp\/wp-content\/uploads\/2020\/12\/writing-1209121_1920.jpg 1920w\" sizes=\"(max-width: 1536px) 100vw, 1536px\" itemprop=\"image\" \/><\/a><\/div>\n\t\t\t<div class=\"entry-summary\" itemprop=\"description\"><p>Ch\u00e8res familles, chers paroissiens, Bonne rentr\u00e9e avec le Seigneur\u00a0! Avec beaucoup de joie dans cette nouvelle ann\u00e9e qui d\u00e9bute\u202f! J\u2019esp\u00e8re que vous avez pris le<span class=\"more-link\"><a href=\"https:\/\/paroisse-jean-23.fr\/wp\/message-du-pere-humberto-pour-la-rentree\/\">Lire la suite<\/a><\/span><\/p>\n<\/div>\n\t\t<\/div><!-- .entry-grid-content -->\n\n\t<\/div><!-- .entry-grid -->\n\n<\/article><!-- .entry -->\n\n\n<article id=\"post-4914\" class=\"entry author-claude has-excerpt post-4914 post type-post status-publish format-standard has-post-thumbnail category-au-sein-de-la-paroisse category-lettres-aux-paroissiens archive-mixed archive-mixed-block3 mixedunit-block3 hcolumn-1-3\" itemscope=\"itemscope\" itemtype=\"https:\/\/schema.org\/BlogPosting\">\n\n\t<div class=\"entry-grid hgrid\">\n\n\t\t\n\t\t<div itemprop=\"image\" itemscope itemtype=\"https:\/\/schema.org\/ImageObject\" class=\"entry-featured-img-wrap\"><meta itemprop=\"url\" content=\"https:\/\/paroisse-jean-23.fr\/wp\/wp-content\/uploads\/2023\/06\/Bel-ete.jpg\"><meta itemprop=\"width\" content=\"512\"><meta itemprop=\"height\" content=\"288\"><a href=\"https:\/\/paroisse-jean-23.fr\/wp\/message-du-pere-humberto-pour-lete\/\" class=\"entry-featured-img-link\"><img decoding=\"async\" width=\"512\" height=\"288\" src=\"https:\/\/paroisse-jean-23.fr\/wp\/wp-content\/uploads\/2023\/06\/Bel-ete.jpg\" class=\"attachment-hoot-large-thumb entry-content-featured-img entry-grid-featured-img wp-post-image\" alt=\"\" itemscope=\"\" srcset=\"https:\/\/paroisse-jean-23.fr\/wp\/wp-content\/uploads\/2023\/06\/Bel-ete.jpg 512w, https:\/\/paroisse-jean-23.fr\/wp\/wp-content\/uploads\/2023\/06\/Bel-ete-300x169.jpg 300w, https:\/\/paroisse-jean-23.fr\/wp\/wp-content\/uploads\/2023\/06\/Bel-ete-465x262.jpg 465w\" sizes=\"(max-width: 512px) 100vw, 512px\" itemprop=\"image\" \/><\/a><\/div>\n\t\t<div class=\"entry-grid-content\">\n\n\t\t\t<header class=\"entry-header\">\n\t\t\t\t<h2 class=\"entry-title\" itemprop=\"headline\"><a href=\"https:\/\/paroisse-jean-23.fr\/wp\/message-du-pere-humberto-pour-lete\/\" rel=\"bookmark\" itemprop=\"url\">Message du P\u00e8re Humberto pour l&rsquo;\u00e9t\u00e9<\/a><\/h2>\t\t\t<\/header><!-- .entry-header -->\n\n\t\t\t<div class=\"screen-reader-text\" itemprop=\"datePublished\" itemtype=\"https:\/\/schema.org\/Date\">2023-06-29<\/div>\n\t\t\t<div class=\"entry-byline empty\"><\/div>\n\t\t\t<div class=\"entry-summary\" itemprop=\"description\"><p>Bel \u00e9t\u00e9 \u00e0 toutes et \u00e0 tous!<span class=\"more-link\"><a href=\"https:\/\/paroisse-jean-23.fr\/wp\/message-du-pere-humberto-pour-lete\/\">Lire la suite<\/a><\/span><\/p>\n<\/div>\n\t\t<\/div><!-- .entry-grid-content -->\n\n\t<\/div><!-- .entry-grid -->\n\n<\/article><!-- .entry -->\n\n\n<article id=\"post-4779\" class=\"entry author-claude post-4779 post type-post status-publish format-standard has-post-thumbnail category-au-sein-de-la-paroisse category-lettres-aux-paroissiens archive-mixed archive-mixed-block3 mixedunit-block3 hcolumn-1-3\" itemscope=\"itemscope\" itemtype=\"https:\/\/schema.org\/BlogPosting\">\n\n\t<div class=\"entry-grid hgrid\">\n\n\t\t\n\t\t<div itemprop=\"image\" itemscope itemtype=\"https:\/\/schema.org\/ImageObject\" class=\"entry-featured-img-wrap\"><meta itemprop=\"url\" content=\"https:\/\/paroisse-jean-23.fr\/wp\/wp-content\/uploads\/2023\/04\/Message-de-paques-aux-paroissiens.jpg\"><meta itemprop=\"width\" content=\"512\"><meta itemprop=\"height\" content=\"288\"><a href=\"https:\/\/paroisse-jean-23.fr\/wp\/message-de-paques-du-pere-humberto\/\" class=\"entry-featured-img-link\"><img decoding=\"async\" width=\"512\" height=\"288\" src=\"https:\/\/paroisse-jean-23.fr\/wp\/wp-content\/uploads\/2023\/04\/Message-de-paques-aux-paroissiens.jpg\" class=\"attachment-hoot-large-thumb entry-content-featured-img entry-grid-featured-img wp-post-image\" alt=\"\" itemscope=\"\" srcset=\"https:\/\/paroisse-jean-23.fr\/wp\/wp-content\/uploads\/2023\/04\/Message-de-paques-aux-paroissiens.jpg 512w, https:\/\/paroisse-jean-23.fr\/wp\/wp-content\/uploads\/2023\/04\/Message-de-paques-aux-paroissiens-300x169.jpg 300w, https:\/\/paroisse-jean-23.fr\/wp\/wp-content\/uploads\/2023\/04\/Message-de-paques-aux-paroissiens-465x262.jpg 465w\" sizes=\"(max-width: 512px) 100vw, 512px\" itemprop=\"image\" \/><\/a><\/div>\n\t\t<div class=\"entry-grid-content\">\n\n\t\t\t<header class=\"entry-header\">\n\t\t\t\t<h2 class=\"entry-title\" itemprop=\"headline\"><a href=\"https:\/\/paroisse-jean-23.fr\/wp\/message-de-paques-du-pere-humberto\/\" rel=\"bookmark\" itemprop=\"url\">message de P\u00e2ques du P\u00e8re Humberto<\/a><\/h2>\t\t\t<\/header><!-- .entry-header -->\n\n\t\t\t<div class=\"screen-reader-text\" itemprop=\"datePublished\" itemtype=\"https:\/\/schema.org\/Date\">2023-04-06<\/div>\n\t\t\t<div class=\"entry-byline empty\"><\/div>\n\t\t\t<div class=\"entry-summary\" itemprop=\"description\"><p>Chers paroissiens, \u00c0 quelques jours de la f\u00eate des f\u00eates pour tous les catholiques dans le monde entier, je voulais vous souhaiter au nom de<span class=\"more-link\"><a href=\"https:\/\/paroisse-jean-23.fr\/wp\/message-de-paques-du-pere-humberto\/\">Lire la suite<\/a><\/span><\/p>\n<\/div>\n\t\t<\/div><!-- .entry-grid-content -->\n\n\t<\/div><!-- .entry-grid -->\n\n<\/article><!-- .entry -->\n\n\n<article id=\"post-4758\" class=\"entry author-jean post-4758 post type-post status-publish format-standard has-post-thumbnail category-lettres-aux-paroissiens archive-mixed archive-mixed-block3 mixedunit-block3 hcolumn-1-3\" itemscope=\"itemscope\" itemtype=\"https:\/\/schema.org\/BlogPosting\">\n\n\t<div class=\"entry-grid hgrid\">\n\n\t\t\n\t\t<div itemprop=\"image\" itemscope itemtype=\"https:\/\/schema.org\/ImageObject\" class=\"entry-featured-img-wrap\"><meta itemprop=\"url\" content=\"https:\/\/paroisse-jean-23.fr\/wp\/wp-content\/uploads\/2023\/03\/cloud-61127_1280-690x550.jpg\"><meta itemprop=\"width\" content=\"690\"><meta itemprop=\"height\" content=\"550\"><a href=\"https:\/\/paroisse-jean-23.fr\/wp\/lettre-aux-paroissiens-5eme-dimanche-du-careme\/\" class=\"entry-featured-img-link\"><img loading=\"lazy\" decoding=\"async\" width=\"690\" height=\"550\" src=\"https:\/\/paroisse-jean-23.fr\/wp\/wp-content\/uploads\/2023\/03\/cloud-61127_1280-690x550.jpg\" class=\"attachment-hoot-large-thumb entry-content-featured-img entry-grid-featured-img wp-post-image\" alt=\"\" itemscope=\"\" itemprop=\"image\" \/><\/a><\/div>\n\t\t<div class=\"entry-grid-content\">\n\n\t\t\t<header class=\"entry-header\">\n\t\t\t\t<h2 class=\"entry-title\" itemprop=\"headline\"><a href=\"https:\/\/paroisse-jean-23.fr\/wp\/lettre-aux-paroissiens-5eme-dimanche-du-careme\/\" rel=\"bookmark\" itemprop=\"url\">Lettre aux Paroissiens &#8211; 5\u00e8me Dimanche du Car\u00eame<\/a><\/h2>\t\t\t<\/header><!-- .entry-header -->\n\n\t\t\t<div class=\"screen-reader-text\" itemprop=\"datePublished\" itemtype=\"https:\/\/schema.org\/Date\">2023-03-23<\/div>\n\t\t\t<div class=\"entry-byline empty\"><\/div>\n\t\t\t<div class=\"entry-summary\" itemprop=\"description\"><p>5\u00e8me dimanche de\u00a0Car\u00eame\u00a0: derni\u00e8re \u00e9tape avant le dimanche des Rameaux et la Semaine Sainte \u00a0Chers fr\u00e8res et s\u0153urs,\u00a0 Chaque ann\u00e9e, la Semaine Sainte signe la<span class=\"more-link\"><a href=\"https:\/\/paroisse-jean-23.fr\/wp\/lettre-aux-paroissiens-5eme-dimanche-du-careme\/\">Lire la suite<\/a><\/span><\/p>\n<\/div>\n\t\t<\/div><!-- .entry-grid-content -->\n\n\t<\/div><!-- .entry-grid -->\n\n<\/article><!-- .entry -->\n\n\n<article id=\"post-4653\" class=\"entry author-jean post-4653 post type-post status-publish format-standard has-post-thumbnail category-lettres-aux-paroissiens archive-mixed archive-mixed-block3 mixedunit-block3 hcolumn-1-3\" itemscope=\"itemscope\" itemtype=\"https:\/\/schema.org\/BlogPosting\">\n\n\t<div class=\"entry-grid hgrid\">\n\n\t\t\n\t\t<div itemprop=\"image\" itemscope itemtype=\"https:\/\/schema.org\/ImageObject\" class=\"entry-featured-img-wrap\"><meta itemprop=\"url\" content=\"https:\/\/paroisse-jean-23.fr\/wp\/wp-content\/uploads\/2022\/12\/La-paroisse-St-Jean-XXIII-et-son-cure-vous-souhaitent-un-Saint-et-Joyeux-Noel-et-de-belles-fetes-de-fin-dannee-690x550.png\"><meta itemprop=\"width\" content=\"690\"><meta itemprop=\"height\" content=\"550\"><a href=\"https:\/\/paroisse-jean-23.fr\/wp\/lettre-aux-paroissiens-bonne-annee-et-meilleur-voeux\/\" class=\"entry-featured-img-link\"><img loading=\"lazy\" decoding=\"async\" width=\"690\" height=\"550\" src=\"https:\/\/paroisse-jean-23.fr\/wp\/wp-content\/uploads\/2022\/12\/La-paroisse-St-Jean-XXIII-et-son-cure-vous-souhaitent-un-Saint-et-Joyeux-Noel-et-de-belles-fetes-de-fin-dannee-690x550.png\" class=\"attachment-hoot-large-thumb entry-content-featured-img entry-grid-featured-img wp-post-image\" alt=\"\" itemscope=\"\" itemprop=\"image\" \/><\/a><\/div>\n\t\t<div class=\"entry-grid-content\">\n\n\t\t\t<header class=\"entry-header\">\n\t\t\t\t<h2 class=\"entry-title\" itemprop=\"headline\"><a href=\"https:\/\/paroisse-jean-23.fr\/wp\/lettre-aux-paroissiens-bonne-annee-et-meilleur-voeux\/\" rel=\"bookmark\" itemprop=\"url\">Lettre aux paroissiens &#8230; Bonne ann\u00e9e et meilleur voeux<\/a><\/h2>\t\t\t<\/header><!-- .entry-header -->\n\n\t\t\t<div class=\"screen-reader-text\" itemprop=\"datePublished\" itemtype=\"https:\/\/schema.org\/Date\">2023-02-05<\/div>\n\t\t\t<div class=\"entry-byline empty\"><\/div>\n\t\t\t<div class=\"entry-summary\" itemprop=\"description\"><p>Bonne ann\u00e9e et meilleurs v\u0153ux\u00a0! Et surtout, je nous souhaite beaucoup de saintet\u00e9. Nous commen\u00e7ons une nouvelle ann\u00e9e dans le Seigneur pleine de projets, d\u2019enthousiasme,<span class=\"more-link\"><a href=\"https:\/\/paroisse-jean-23.fr\/wp\/lettre-aux-paroissiens-bonne-annee-et-meilleur-voeux\/\">Lire la suite<\/a><\/span><\/p>\n<\/div>\n\t\t<\/div><!-- .entry-grid-content -->\n\n\t<\/div><!-- .entry-grid -->\n\n<\/article><!-- .entry -->\n\n\n<article id=\"post-4558\" class=\"entry author-jean post-4558 post type-post status-publish format-standard has-post-thumbnail category-lettres-aux-paroissiens archive-mixed archive-mixed-block3 mixedunit-block3 hcolumn-1-3\" itemscope=\"itemscope\" itemtype=\"https:\/\/schema.org\/BlogPosting\">\n\n\t<div class=\"entry-grid hgrid\">\n\n\t\t\n\t\t<div itemprop=\"image\" itemscope itemtype=\"https:\/\/schema.org\/ImageObject\" class=\"entry-featured-img-wrap\"><meta itemprop=\"url\" content=\"https:\/\/paroisse-jean-23.fr\/wp\/wp-content\/uploads\/2022\/12\/Bleu-Elegant-Noel-Carte-690x550.png\"><meta itemprop=\"width\" content=\"690\"><meta itemprop=\"height\" content=\"550\"><a href=\"https:\/\/paroisse-jean-23.fr\/wp\/bonne-fin-de-lavent-et-un-joyeux-noel-dans-le-seigneur\/\" class=\"entry-featured-img-link\"><img loading=\"lazy\" decoding=\"async\" width=\"690\" height=\"550\" src=\"https:\/\/paroisse-jean-23.fr\/wp\/wp-content\/uploads\/2022\/12\/Bleu-Elegant-Noel-Carte-690x550.png\" class=\"attachment-hoot-large-thumb entry-content-featured-img entry-grid-featured-img wp-post-image\" alt=\"\" itemscope=\"\" itemprop=\"image\" \/><\/a><\/div>\n\t\t<div class=\"entry-grid-content\">\n\n\t\t\t<header class=\"entry-header\">\n\t\t\t\t<h2 class=\"entry-title\" itemprop=\"headline\"><a href=\"https:\/\/paroisse-jean-23.fr\/wp\/bonne-fin-de-lavent-et-un-joyeux-noel-dans-le-seigneur\/\" rel=\"bookmark\" itemprop=\"url\">Bonne fin de l\u2019avent et un joyeux No\u00ebl dans le Seigneur<\/a><\/h2>\t\t\t<\/header><!-- .entry-header -->\n\n\t\t\t<div class=\"screen-reader-text\" itemprop=\"datePublished\" itemtype=\"https:\/\/schema.org\/Date\">2022-12-19<\/div>\n\t\t\t<div class=\"entry-byline empty\"><\/div>\n\t\t\t<div class=\"entry-summary\" itemprop=\"description\"><p>Chers fr\u00e8res et s\u0153urs, Bonne fin de l\u2019avent et un joyeux No\u00ebl dans le Seigneur Envelopp\u00e9s de la joie et de l\u2019esp\u00e9rance qui resplendissent du<span class=\"more-link\"><a href=\"https:\/\/paroisse-jean-23.fr\/wp\/bonne-fin-de-lavent-et-un-joyeux-noel-dans-le-seigneur\/\">Lire la suite<\/a><\/span><\/p>\n<\/div>\n\t\t<\/div><!-- .entry-grid-content -->\n\n\t<\/div><!-- .entry-grid -->\n\n<\/article><!-- .entry -->\n\n\n<article id=\"post-4542\" class=\"entry author-claude post-4542 post type-post status-publish format-standard category-lettres-aux-paroissiens tag-lettre-aux-paroissiens archive-mixed archive-mixed-block3 mixedunit-block3 hcolumn-1-3\" itemscope=\"itemscope\" itemtype=\"https:\/\/schema.org\/BlogPosting\">\n\n\t<div class=\"entry-grid hgrid\">\n\n\t\t\n\t\t\n\t\t<div class=\"entry-grid-content\">\n\n\t\t\t<header class=\"entry-header\">\n\t\t\t\t<h2 class=\"entry-title\" itemprop=\"headline\"><a href=\"https:\/\/paroisse-jean-23.fr\/wp\/lettre-aux-paroissiens-nous-voici-a-noel\/\" rel=\"bookmark\" itemprop=\"url\">Lettres aux paroissiens: Nous voici \u00e0 No\u00ebl !<\/a><\/h2>\t\t\t<\/header><!-- .entry-header -->\n\n\t\t\t<div class=\"screen-reader-text\" itemprop=\"datePublished\" itemtype=\"https:\/\/schema.org\/Date\">2022-12-18<\/div>\n\t\t\t<div class=\"entry-byline empty\"><\/div>\n\t\t\t<div class=\"entry-summary\" itemprop=\"description\"><p>Chers fr\u00e8res et s\u0153urs, Bonne fin de l&rsquo;Avent et un joyeux No\u00ebl dans le Seigneur ! Envelopp\u00e9s de la joie et de l&rsquo;esp\u00e9rance qui resplendissent<span class=\"more-link\"><a href=\"https:\/\/paroisse-jean-23.fr\/wp\/lettre-aux-paroissiens-nous-voici-a-noel\/\">Lire la suite<\/a><\/span><\/p>\n<\/div>\n\t\t<\/div><!-- .entry-grid-content -->\n\n\t<\/div><!-- .entry-grid -->\n\n<\/article><!-- .entry -->\n\n\n<article id=\"post-4491\" class=\"entry author-jean post-4491 post type-post status-publish format-standard has-post-thumbnail category-lettres-aux-paroissiens tag-1er-temps-de-lavent tag-lettres-aux-paroissiens archive-mixed archive-mixed-block3 mixedunit-block3 hcolumn-1-3\" itemscope=\"itemscope\" itemtype=\"https:\/\/schema.org\/BlogPosting\">\n\n\t<div class=\"entry-grid hgrid\">\n\n\t\t\n\t\t<div itemprop=\"image\" itemscope itemtype=\"https:\/\/schema.org\/ImageObject\" class=\"entry-featured-img-wrap\"><meta itemprop=\"url\" content=\"https:\/\/paroisse-jean-23.fr\/wp\/wp-content\/uploads\/2020\/11\/candle-2992645_1920-690x550.jpg\"><meta itemprop=\"width\" content=\"690\"><meta itemprop=\"height\" content=\"550\"><a href=\"https:\/\/paroisse-jean-23.fr\/wp\/lettres-aux-paroissiens-1er-temps-de-lavent\/\" class=\"entry-featured-img-link\"><img loading=\"lazy\" decoding=\"async\" width=\"690\" height=\"550\" src=\"https:\/\/paroisse-jean-23.fr\/wp\/wp-content\/uploads\/2020\/11\/candle-2992645_1920-690x550.jpg\" class=\"attachment-hoot-large-thumb entry-content-featured-img entry-grid-featured-img wp-post-image\" alt=\"\" itemscope=\"\" itemprop=\"image\" \/><\/a><\/div>\n\t\t<div class=\"entry-grid-content\">\n\n\t\t\t<header class=\"entry-header\">\n\t\t\t\t<h2 class=\"entry-title\" itemprop=\"headline\"><a href=\"https:\/\/paroisse-jean-23.fr\/wp\/lettres-aux-paroissiens-1er-temps-de-lavent\/\" rel=\"bookmark\" itemprop=\"url\">Lettres aux paroissiens &#8211; 1er temps de l&rsquo;Avent<\/a><\/h2>\t\t\t<\/header><!-- .entry-header -->\n\n\t\t\t<div class=\"screen-reader-text\" itemprop=\"datePublished\" itemtype=\"https:\/\/schema.org\/Date\">2022-12-02<\/div>\n\t\t\t<div class=\"entry-byline empty\"><\/div>\n\t\t\t<div class=\"entry-summary\" itemprop=\"description\"><p>Chers amis, L\u2019Avent est un temps de pr\u00e9paration pour c\u00e9l\u00e9brer la venue de notre Seigneur parmi nous, la rencontre avec Dieu fait petit enfant. Nous<span class=\"more-link\"><a href=\"https:\/\/paroisse-jean-23.fr\/wp\/lettres-aux-paroissiens-1er-temps-de-lavent\/\">Lire la suite<\/a><\/span><\/p>\n<\/div>\n\t\t<\/div><!-- .entry-grid-content -->\n\n\t<\/div><!-- .entry-grid -->\n\n<\/article><!-- .entry -->\n\n\n<article id=\"post-4434\" class=\"entry author-jean post-4434 post type-post status-publish format-standard has-post-thumbnail category-lettres-aux-paroissiens category-non-classe archive-mixed archive-mixed-block3 mixedunit-block3 hcolumn-1-3\" itemscope=\"itemscope\" itemtype=\"https:\/\/schema.org\/BlogPosting\">\n\n\t<div class=\"entry-grid hgrid\">\n\n\t\t\n\t\t<div itemprop=\"image\" itemscope itemtype=\"https:\/\/schema.org\/ImageObject\" class=\"entry-featured-img-wrap\"><meta itemprop=\"url\" content=\"https:\/\/paroisse-jean-23.fr\/wp\/wp-content\/uploads\/2022\/10\/feather-3237961_1920-690x550.jpg\"><meta itemprop=\"width\" content=\"690\"><meta itemprop=\"height\" content=\"550\"><a href=\"https:\/\/paroisse-jean-23.fr\/wp\/lettre-aux-paroissiens-octobre-2022-de-labbe-jean-sebastien-strumia\/\" class=\"entry-featured-img-link\"><img loading=\"lazy\" decoding=\"async\" width=\"690\" height=\"550\" src=\"https:\/\/paroisse-jean-23.fr\/wp\/wp-content\/uploads\/2022\/10\/feather-3237961_1920-690x550.jpg\" class=\"attachment-hoot-large-thumb entry-content-featured-img entry-grid-featured-img wp-post-image\" alt=\"\" itemscope=\"\" itemprop=\"image\" \/><\/a><\/div>\n\t\t<div class=\"entry-grid-content\">\n\n\t\t\t<header class=\"entry-header\">\n\t\t\t\t<h2 class=\"entry-title\" itemprop=\"headline\"><a href=\"https:\/\/paroisse-jean-23.fr\/wp\/lettre-aux-paroissiens-octobre-2022-de-labbe-jean-sebastien-strumia\/\" rel=\"bookmark\" itemprop=\"url\">Lettre aux paroissiens &#8211; Octobre 2022 de l&rsquo;Abb\u00e9 Jean-S\u00e9bastien STRUMIA<\/a><\/h2>\t\t\t<\/header><!-- .entry-header -->\n\n\t\t\t<div class=\"screen-reader-text\" itemprop=\"datePublished\" itemtype=\"https:\/\/schema.org\/Date\">2022-10-20<\/div>\n\t\t\t<div class=\"entry-byline empty\"><\/div>\n\t\t\t<div class=\"entry-summary\" itemprop=\"description\"><p>Le journal paroissial m\u2019offre l\u2019occasion de me pr\u00e9senter plus largement \u00e0 la communaut\u00e9. Je suis arriv\u00e9 en septembre 2021, en tant que pr\u00eatre r\u00e9sidant sur<span class=\"more-link\"><a href=\"https:\/\/paroisse-jean-23.fr\/wp\/lettre-aux-paroissiens-octobre-2022-de-labbe-jean-sebastien-strumia\/\">Lire la suite<\/a><\/span><\/p>\n<\/div>\n\t\t<\/div><!-- .entry-grid-content -->\n\n\t<\/div><!-- .entry-grid -->\n\n<\/article><!-- .entry -->\n\n\n<article id=\"post-4322\" class=\"entry author-jean post-4322 post type-post status-publish format-standard has-post-thumbnail category-lettres-aux-paroissiens archive-mixed archive-mixed-block3 mixedunit-block3 hcolumn-1-3\" itemscope=\"itemscope\" itemtype=\"https:\/\/schema.org\/BlogPosting\">\n\n\t<div class=\"entry-grid hgrid\">\n\n\t\t\n\t\t<div itemprop=\"image\" itemscope itemtype=\"https:\/\/schema.org\/ImageObject\" class=\"entry-featured-img-wrap\"><meta itemprop=\"url\" content=\"https:\/\/paroisse-jean-23.fr\/wp\/wp-content\/uploads\/2022\/09\/dandelion-4186350_1920-690x550.jpg\"><meta itemprop=\"width\" content=\"690\"><meta itemprop=\"height\" content=\"550\"><a href=\"https:\/\/paroisse-jean-23.fr\/wp\/lettres-aux-paroissiens-rentree-2022\/\" class=\"entry-featured-img-link\"><img loading=\"lazy\" decoding=\"async\" width=\"690\" height=\"550\" src=\"https:\/\/paroisse-jean-23.fr\/wp\/wp-content\/uploads\/2022\/09\/dandelion-4186350_1920-690x550.jpg\" class=\"attachment-hoot-large-thumb entry-content-featured-img entry-grid-featured-img wp-post-image\" alt=\"\" itemscope=\"\" itemprop=\"image\" \/><\/a><\/div>\n\t\t<div class=\"entry-grid-content\">\n\n\t\t\t<header class=\"entry-header\">\n\t\t\t\t<h2 class=\"entry-title\" itemprop=\"headline\"><a href=\"https:\/\/paroisse-jean-23.fr\/wp\/lettres-aux-paroissiens-rentree-2022\/\" rel=\"bookmark\" itemprop=\"url\">Lettres aux paroissiens &#8211; Rentr\u00e9e 2022<\/a><\/h2>\t\t\t<\/header><!-- .entry-header -->\n\n\t\t\t<div class=\"screen-reader-text\" itemprop=\"datePublished\" itemtype=\"https:\/\/schema.org\/Date\">2022-09-18<\/div>\n\t\t\t<div class=\"entry-byline empty\"><\/div>\n\t\t\t<div class=\"entry-summary\" itemprop=\"description\"><p>Chers paroissiens, Nous voici entra\u00een\u00e9s sur la route d\u2019une nouvelle ann\u00e9e apr\u00e8s la grande pause estivale. Les solennit\u00e9s, les belles f\u00eates de l\u2019\u00e9t\u00e9 et l\u2019ordination<span class=\"more-link\"><a href=\"https:\/\/paroisse-jean-23.fr\/wp\/lettres-aux-paroissiens-rentree-2022\/\">Lire la suite<\/a><\/span><\/p>\n<\/div>\n\t\t<\/div><!-- .entry-grid-content -->\n\n\t<\/div><!-- .entry-grid -->\n\n<\/article><!-- .entry -->\n\n<\/div><\/div><\/div><\/div>","protected":false},"excerpt":{"rendered":"<p>Lettres aux Paroissiens Message du P\u00e8re HUMBERTO pour la rentr\u00e9e 2023-08-29 Ch\u00e8res familles, chers paroissiens, Bonne rentr\u00e9e avec le Seigneur\u00a0! Avec beaucoup de joie dans<span class=\"more-link\"><a href=\"https:\/\/paroisse-jean-23.fr\/wp\/le-blog\/lettres-aux-paroissiens\/\">Lire la suite<\/a><\/span><\/p>\n","protected":false},"author":1,"featured_media":1406,"parent":3745,"menu_order":1,"comment_status":"closed","ping_status":"closed","template":"","meta":{"footnotes":""},"class_list":["entry","author-jean","post-1631","page","type-page","status-publish","has-post-thumbnail"],"_links":{"self":[{"href":"https:\/\/paroisse-jean-23.fr\/wp\/wp-json\/wp\/v2\/pages\/1631","targetHints":{"allow":["GET"]}}],"collection":[{"href":"https:\/\/paroisse-jean-23.fr\/wp\/wp-json\/wp\/v2\/pages"}],"about":[{"href":"https:\/\/paroisse-jean-23.fr\/wp\/wp-json\/wp\/v2\/types\/page"}],"author":[{"embeddable":true,"href":"https:\/\/paroisse-jean-23.fr\/wp\/wp-json\/wp\/v2\/users\/1"}],"replies":[{"embeddable":true,"href":"https:\/\/paroisse-jean-23.fr\/wp\/wp-json\/wp\/v2\/comments?post=1631"}],"version-history":[{"count":15,"href":"https:\/\/paroisse-jean-23.fr\/wp\/wp-json\/wp\/v2\/pages\/1631\/revisions"}],"predecessor-version":[{"id":1899,"href":"https:\/\/paroisse-jean-23.fr\/wp\/wp-json\/wp\/v2\/pages\/1631\/revisions\/1899"}],"up":[{"embeddable":true,"href":"https:\/\/paroisse-jean-23.fr\/wp\/wp-json\/wp\/v2\/pages\/3745"}],"wp:featuredmedia":[{"embeddable":true,"href":"https:\/\/paroisse-jean-23.fr\/wp\/wp-json\/wp\/v2\/media\/1406"}],"wp:attachment":[{"href":"https:\/\/paroisse-jean-23.fr\/wp\/wp-json\/wp\/v2\/media?parent=1631"}],"curies":[{"name":"wp","href":"https:\/\/api.w.org\/{rel}","templated":true}]}}